{"id":5431,"date":"2021-05-28T15:05:58","date_gmt":"2021-05-28T13:05:58","guid":{"rendered":"https:\/\/www.hotelmarcopolo.it\/contatti\/"},"modified":"2022-03-21T17:57:04","modified_gmt":"2022-03-21T16:57:04","slug":"kapcsolatok","status":"publish","type":"page","link":"https:\/\/www.hotelmarcopolo.it\/hu\/kapcsolatok\/","title":{"rendered":"Kapcsolatok"},"content":{"rendered":"<p>[vc_row css=&#8221;.vc_custom_1633956299380{margin-top: 30px !important;}&#8221;][vc_column width=&#8221;1\/2&#8243; css=&#8221;.vc_custom_1467214267244{padding-top: 10px !important;padding-bottom: 10px !important;}&#8221;] <h2 style=\"color:;padding:px;text-align:;font-size:25px;line-height:25px;letter-spacing: px;font-weight:normal\" class=\"   nd_options_first_font \">KOCOG\u00c1S, \u00daSZ\u00c1S \u00c9S V\u00c1S\u00c1RL\u00c1S<\/h2> <div style=\"background-color:;height: 20px\" class=\"nicdark_section  \"><\/div>[vc_column_text]Tov\u00e1bbi \u00e9rdekes aj\u00e1nlatok \u00e9s aj\u00e1nlatok kihaszn\u00e1l\u00e1s\u00e1hoz ne habozzon kapcsolatba l\u00e9pni vel\u00fcnk k\u00f6zvetlen\u00fcl az al\u00e1bbi \u0171rlap seg\u00edts\u00e9g\u00e9vel, mi mindenk\u00e9pp lefoglaljuk \u00d6nnek a legkedvez\u0151bb \u00e1rat.[\/vc_column_text]<div style=\"background-color:;height: 20px\" class=\"nicdark_section  \"><\/div>\n\n    <!--start form-->\n    <div id=\"nd_options_shortcode_cf7_5432\" class=\"nd_options_section \">\n      \n      <div class=\"nd_options_section nd_options_box_sizing_border_box\">\n        \n<div class=\"wpcf7 no-js\" id=\"wpcf7-f5432-o1\" lang=\"it-IT\" dir=\"ltr\">\n<div class=\"screen-reader-response\"><p role=\"status\" aria-live=\"polite\" aria-atomic=\"true\"><\/p> <ul><\/ul><\/div>\n<form action=\"\/hu\/wp-json\/wp\/v2\/pages\/5431#wpcf7-f5432-o1\" method=\"post\" class=\"wpcf7-form init\" aria-label=\"Modulo di contatto\" novalidate=\"novalidate\" data-status=\"init\">\n<div>\n<input type=\"hidden\" name=\"_wpcf7\" value=\"5432\" \/>\n<input type=\"hidden\" name=\"_wpcf7_version\" value=\"5.8.5\" \/>\n<input type=\"hidden\" name=\"_wpcf7_locale\" value=\"it_IT\" \/>\n<input type=\"hidden\" name=\"_wpcf7_unit_tag\" value=\"wpcf7-f5432-o1\" \/>\n<input type=\"hidden\" name=\"_wpcf7_container_post\" value=\"0\" \/>\n<input type=\"hidden\" name=\"_wpcf7_posted_data_hash\" value=\"\" \/>\n<\/div>\n<p><label>Keresztn\u00e8v \u00e8s Vezet\u00e8kn\u00e8v<\/label><br \/>\n<span class=\"wpcf7-form-control-wrap\" data-name=\"nome\"><input size=\"40\" class=\"wpcf7-form-control wpcf7-text wpcf7-validates-as-required\" aria-required=\"true\" aria-invalid=\"false\" value=\"\" type=\"text\" name=\"nome\" \/><\/span>\n<\/p>\n<p><label>V\u00e0ros<\/label><br \/>\n<span class=\"wpcf7-form-control-wrap\" data-name=\"citta\"><input size=\"40\" class=\"wpcf7-form-control wpcf7-text wpcf7-validates-as-required\" aria-required=\"true\" aria-invalid=\"false\" value=\"\" type=\"text\" name=\"citta\" \/><\/span>\n<\/p>\n<p><label>E-mail c\u00ecm<\/label><br \/>\n<span class=\"wpcf7-form-control-wrap\" data-name=\"email\"><input size=\"40\" class=\"wpcf7-form-control wpcf7-email wpcf7-validates-as-required wpcf7-text wpcf7-validates-as-email\" aria-required=\"true\" aria-invalid=\"false\" value=\"\" type=\"email\" name=\"email\" \/><\/span>\n<\/p>\n<p><label>Telefonsz\u00e0m<\/label><br \/>\n<span class=\"wpcf7-form-control-wrap\" data-name=\"telefono\"><input size=\"40\" class=\"wpcf7-form-control wpcf7-tel wpcf7-validates-as-required wpcf7-text wpcf7-validates-as-tel\" aria-required=\"true\" aria-invalid=\"false\" value=\"\" type=\"tel\" name=\"telefono\" \/><\/span>\n<\/p>\n<p><label>Inform\u00e1ci\u00f3k\u00e9r\u00e9s \/ Foglal\u00e1s<\/label><br \/>\n<span class=\"wpcf7-form-control-wrap\" data-name=\"informazioni\"><textarea cols=\"40\" rows=\"5\" class=\"wpcf7-form-control wpcf7-textarea wpcf7-validates-as-required\" aria-invalid=\"false\" name=\"informazioni\"><\/textarea><\/span>\n<\/p>\n<p>T\u00e1j\u00e9koztatjuk, hogy az \u00d6n \u00e1ltal megadott adatokat a hat\u00e1lyos adatv\u00e9delmi jogszab\u00e1lyokban (2016. \u00e9vi 679. sz. EU Rendelet) meghat\u00e1rozott elvek \u00e9s hat\u00e1rid\u0151k betart\u00e1s\u00e1val elektronikus \u00faton kezelj\u00fck, kiz\u00e1r\u00f3lag az \u00d6n k\u00e9rt t\u00e1j\u00e9koztat\u00e1sa, illetve esetlegesen a szob\u00e1k \u00e9s egy\u00e9b szolg\u00e1ltat\u00e1sok lefoglal\u00e1s\u00e1nak meghat\u00e1roz\u00e1sa \/ meger\u0151s\u00edt\u00e9se. Az elv\u00e9gzett kezel\u00e9sek m\u00f3dszereir\u0151l \u00e9s c\u00e9ljair\u00f3l teljes k\u00f6r\u0171 t\u00e1j\u00e9koztat\u00e1s az al\u00e1bbi linke \u00e9rhet\u0151 el: Adatv\u00e9delmi nyilatkozat.\n<\/p>\n<p>Amennyiben a j\u00f6v\u0151ben az \u00d6n \u00e1ltal megjel\u00f6lt c\u00edmen szeretn\u00e9 megkapni h\u00edrlevel\u00fcnket \/ id\u0151szakos t\u00e1j\u00e9koztat\u00f3nkat d\u00edjainkr\u00f3l \u00e9s akci\u00f3inkr\u00f3l, ehhez a megfelel\u0151 hozz\u00e1j\u00e1rul\u00e1st kell megadnia. \u00d6n azonban a k\u00e9s\u0151bbiekben b\u00e1rmikor visszavonhatja ezt a hozz\u00e1j\u00e1rul\u00e1s\u00e1t, amint az a t\u00e1j\u00e9koztat\u00e1sban szerepel.\n<\/p>\n<p><span class=\"wpcf7-form-control-wrap\" data-name=\"informativa\"><span class=\"wpcf7-form-control wpcf7-acceptance\"><span class=\"wpcf7-list-item\"><label><input type=\"checkbox\" name=\"informativa\" value=\"1\" aria-invalid=\"false\" \/><span class=\"wpcf7-list-item-label\">Tudom\u00e1sul veszem a szem\u00e9lyes adatok kezel\u00e9s\u00e9r\u0151l sz\u00f3l\u00f3 t\u00e1j\u00e9koztat\u00f3t.<\/span><\/label><\/span><\/span><\/span>\n<\/p>\n<p><span class=\"wpcf7-form-control-wrap\" data-name=\"newsletter\"><span class=\"wpcf7-form-control wpcf7-acceptance optional\"><span class=\"wpcf7-list-item\"><label><input type=\"checkbox\" name=\"newsletter\" value=\"1\" aria-invalid=\"false\" \/><span class=\"wpcf7-list-item-label\">Enged\u00e9lyezem az \u00e1rakr\u00f3l, aj\u00e1nlatokr\u00f3l sz\u00f3l\u00f3 h\u00edrlev\u00e9l \u00e9s id\u0151szakos dokument\u00e1ci\u00f3 megk\u00fcld\u00e9s\u00e9t az \u00e1ltalam megjel\u00f6lt c\u00edmre.<\/span><\/label><\/span><\/span><\/span>\n<\/p>\n<p><input class=\"wpcf7-form-control wpcf7-submit has-spinner\" type=\"submit\" value=\"K\u00dcLD\" \/>\n<\/p><input type=\"text\" name=\"PufJq\" value=\"\" \/><input type='hidden' class='wpcf7-pum' value='{\"closepopup\":false,\"closedelay\":0,\"openpopup\":false,\"openpopup_id\":0}' \/><div class=\"wpcf7-response-output\" aria-hidden=\"true\"><\/div>\n<\/form>\n<\/div>\n \n      <\/div>  \n\n    <\/div>\n    <!--end form-->\n\n   [\/vc_column][vc_column width=&#8221;1\/2&#8243; css=&#8221;.vc_custom_1467214272039{padding-top: 10px !important;padding-bottom: 10px !important;}&#8221;][vc_raw_html]JTNDaWZyYW1lJTIwc3JjJTNEJTIyaHR0cHMlM0ElMkYlMkZ3d3cuZ29vZ2xlLmNvbSUyRm1hcHMlMkZlbWJlZCUzRnBiJTNEJTIxMW0xOCUyMTFtMTIlMjExbTMlMjExZDI3OTYuMjc0MTQxNzkxOTY1NiUyMTJkMTIuNjM5MjgwODE1MzI2MDg5JTIxM2Q0NS41MDQ1NTk3NzkxMDE0NTYlMjEybTMlMjExZjAlMjEyZjAlMjEzZjAlMjEzbTIlMjExaTEwMjQlMjEyaTc2OCUyMTRmMTMuMSUyMTNtMyUyMTFtMiUyMTFzMHg0NzdjMDA5ZTY1MmJiM2I1JTI1M0EweDUwMjI0MTA3MGIwMjk5NTUlMjEyc1ZpYSUyNTIwQmFmaWxlJTI1MkMlMjUyMDExMyUyNTJDJTI1MjAzMDAxNiUyNTIwSmVzb2xvJTI1MjBWRSUyMTVlMCUyMTNtMiUyMTFzaXQlMjEyc2l0JTIxNHYxNjM1ODUwNTIyNDUwJTIxNW0yJTIxMXNpdCUyMTJzaXQlMjIlMjB3aWR0aCUzRCUyMjEwMCUyNSUyMiUyMGhlaWdodCUzRCUyMjMwMCUyMiUyMHN0eWxlJTNEJTIyYm9yZGVyJTNBMCUzQiUyMiUyMGFsbG93ZnVsbHNjcmVlbiUzRCUyMiUyMiUyMGxvYWRpbmclM0QlMjJsYXp5JTIyJTNFJTNDJTJGaWZyYW1lJTNF[\/vc_raw_html][vc_row_inner][vc_column_inner]\n\n\n  <div class=\"nd_options_section  nd_options_display_table \">\n    <div class=\"nd_options_display_table_cell nd_options_vertical_align_middle nd_options_width_50_percentage nd_options_text_align_left nd_options_padding_10 nd_options_box_sizing_border_box\">\n      <p class=\" nd_options_second_font nd_options_margin_0 nd_options_padding_0\" style=\"color:#1c1c1c\">V\u00e0ros :<\/p>\n    <\/div>\n    <div class=\"nd_options_display_table_cell nd_options_vertical_align_middle nd_options_width_50_percentage nd_options_text_align_right nd_options_padding_10 nd_options_box_sizing_border_box\">\n      <p class=\" nd_options_second_font nd_options_margin_0 nd_options_padding_0\" style=\"color:#878787\">Lido di Jesolo, 30016<\/p>\n    <\/div>\n  <\/div>\n\n\n   <div style=\"background-color:#f1f1f1;height: 1px\" class=\"nicdark_section  \"><\/div>\n\n\n  <div class=\"nd_options_section  nd_options_display_table \">\n    <div class=\"nd_options_display_table_cell nd_options_vertical_align_middle nd_options_width_50_percentage nd_options_text_align_left nd_options_padding_10 nd_options_box_sizing_border_box\">\n      <p class=\" nd_options_second_font nd_options_margin_0 nd_options_padding_0\" style=\"color:#1c1c1c\">C\u00ecm :<\/p>\n    <\/div>\n    <div class=\"nd_options_display_table_cell nd_options_vertical_align_middle nd_options_width_50_percentage nd_options_text_align_right nd_options_padding_10 nd_options_box_sizing_border_box\">\n      <p class=\" nd_options_second_font nd_options_margin_0 nd_options_padding_0\" style=\"color:#878787\">Via A. Bafile, 113<\/p>\n    <\/div>\n  <\/div>\n\n\n   <div style=\"background-color:#f1f1f1;height: 1px\" class=\"nicdark_section  \"><\/div>\n\n\n  <div class=\"nd_options_section  nd_options_display_table \">\n    <div class=\"nd_options_display_table_cell nd_options_vertical_align_middle nd_options_width_50_percentage nd_options_text_align_left nd_options_padding_10 nd_options_box_sizing_border_box\">\n      <p class=\" nd_options_second_font nd_options_margin_0 nd_options_padding_0\" style=\"color:#1c1c1c\">E-mail c\u00ecm:<\/p>\n    <\/div>\n    <div class=\"nd_options_display_table_cell nd_options_vertical_align_middle nd_options_width_50_percentage nd_options_text_align_right nd_options_padding_10 nd_options_box_sizing_border_box\">\n      <p class=\" nd_options_second_font nd_options_margin_0 nd_options_padding_0\" style=\"color:#878787\">info@hotelmarcopolo.it<\/p>\n    <\/div>\n  <\/div>\n\n\n   <div style=\"background-color:#f1f1f1;height: 1px\" class=\"nicdark_section  \"><\/div>\n\n\n  <div class=\"nd_options_section  nd_options_display_table \">\n    <div class=\"nd_options_display_table_cell nd_options_vertical_align_middle nd_options_width_50_percentage nd_options_text_align_left nd_options_padding_10 nd_options_box_sizing_border_box\">\n      <p class=\" nd_options_second_font nd_options_margin_0 nd_options_padding_0\" style=\"color:#1c1c1c\">Telefonsz\u00e0m :<\/p>\n    <\/div>\n    <div class=\"nd_options_display_table_cell nd_options_vertical_align_middle nd_options_width_50_percentage nd_options_text_align_right nd_options_padding_10 nd_options_box_sizing_border_box\">\n      <p class=\" nd_options_second_font nd_options_margin_0 nd_options_padding_0\" style=\"color:#878787\">+ 39 0421380606<\/p>\n    <\/div>\n  <\/div>\n\n\n   <div style=\"background-color:#f1f1f1;height: 1px\" class=\"nicdark_section  \"><\/div>\n\n\n  <div class=\"nd_options_section  nd_options_display_table \">\n    <div class=\"nd_options_display_table_cell nd_options_vertical_align_middle nd_options_width_50_percentage nd_options_text_align_left nd_options_padding_10 nd_options_box_sizing_border_box\">\n      <p class=\" nd_options_second_font nd_options_margin_0 nd_options_padding_0\" style=\"color:#1c1c1c\">Fax :<\/p>\n    <\/div>\n    <div class=\"nd_options_display_table_cell nd_options_vertical_align_middle nd_options_width_50_percentage nd_options_text_align_right nd_options_padding_10 nd_options_box_sizing_border_box\">\n      <p class=\" nd_options_second_font nd_options_margin_0 nd_options_padding_0\" style=\"color:#878787\">+39 0421381834<\/p>\n    <\/div>\n  <\/div>\n\n\n   [\/vc_column_inner][\/vc_row_inner]<div style=\"background-color:;height: 35px\" class=\"nicdark_section  \"><\/div>[\/vc_column][\/vc_row][vc_row][vc_column]<div style=\"background-color:;height: 80px\" class=\"nicdark_section  \"><\/div>[vc_column_text]A Marco Polo Hotel Lido di Jesol\u00f3ban tal\u00e1lhat\u00f3, a v\u00e1ros nappali \u00e9s \u00e9jszakai \u00e9let\u00e9nek k\u00f6zpontj\u00e1ban.<\/p>\n<p>Napk\u00f6zben a tengert\u0151l 100 m\u00e9terre, exkluz\u00edv priv\u00e1t bej\u00e1rattal k\u00f6nnyen megk\u00f6zel\u00edthet\u0151 fekv\u00e9se k\u00fcl\u00f6n\u00f6sen alkalmass\u00e1 teszi azok sz\u00e1m\u00e1ra, akik szeretik a szabadt\u00e9ri tengerparti \u00e9letet.<\/p>\n<p>Este \u00e9s \u00e9jszaka a k\u00f6zponti Via Bafile-ra n\u00e9z\u0151 bej\u00e1rata kiv\u00e1lts\u00e1gos helyen, a f\u0151 l\u00e1tnival\u00f3k \u00e9s turisztikai l\u00e1tv\u00e1nyoss\u00e1gok k\u00f6z\u00e9ppontj\u00e1ban helyezi el.[\/vc_column_text][\/vc_column][\/vc_row][vc_row][vc_column][vc_column_text]<strong>HA AUT\u00d3VAL \u00c9RKEZIK<\/strong>[\/vc_column_text][vc_column_text]Mil\u00e1n\u00f3 vagy Brenner fel\u0151l \u00e9rkez\u0151knek: az A4-es aut\u00f3p\u00e1ly\u00e1r\u00f3l a Velence\/Rep\u00fcl\u0151t\u00e9r kij\u00e1raton menjen tov\u00e1bb a STRANDOK fel\u00e9.<br \/>\nTarvisio, Udine, Trieszt fel\u0151l \u00e9rkez\u0151knek: az A4-es aut\u00f3p\u00e1ly\u00e1r\u00f3l, Noventa \/ San Don\u00e0 di Piave kij\u00e1rat[\/vc_column_text][\/vc_column][\/vc_row][vc_row][vc_column][vc_column_text]<strong>HA BUSSZAL \u00c9RKEZIK<\/strong>[\/vc_column_text][vc_column_text]Jesol\u00f3t gyakran buszok k\u00f6tik \u00f6ssze Olaszorsz\u00e1ggal \u00e9s Eur\u00f3pa orsz\u00e1gaival. 5 perc s\u00e9t\u00e1ra vagyunk a buszp\u00e1lyaudvart\u00f3l: Picchi k\u00f6rforgalomt\u00f3l. Tel. +39 0421 383633 Inform\u00e1ci\u00f3 a buszok menetrendj\u00e9r\u0151l: <a href=\"http:\/\/www.atvo.it\"><strong>www.atvo.it<\/strong><\/a>[\/vc_column_text][\/vc_column][\/vc_row][vc_row][vc_column][vc_column_text]<strong>HA VONATON \u00c9RKEZIK<\/strong>[\/vc_column_text][vc_column_text]Vas\u00fat\u00e1llom\u00e1sok[\/vc_column_text][vc_column_text]Mestre tel. +39 041 715555<\/p>\n<p>San Don\u00e0 di Piave tel. +39 0421 330835<\/p>\n<p>gyakori j\u00e1ratokkal, 30 percenk\u00e9nt busszal.[\/vc_column_text][\/vc_column][\/vc_row][vc_row][vc_column][vc_column_text]<strong>HA REP\u00dcL\u0150VEL \u00c9RKEZIK<\/strong>[\/vc_column_text][vc_column_text]Rep\u00fcl\u0151terek[\/vc_column_text][vc_column_text]Venezia, Marco Polo, tel. +39 041 2606111<\/p>\n<p>Treviso, San Giuseppe, tel. +39 0422 20393<\/p>\n<p>Verona, Valerio Catullo, tel. +39 045 8095611<\/p>\n<p>Trieste, Ronchi dei Legionari, tel. +39 040 631484[\/vc_column_text][\/vc_column][\/vc_row][vc_row][vc_column][vc_column_text]<strong>\u00c9S HA VELENC\u00c9BE AKAR MENNI<\/strong>[\/vc_column_text][vc_column_text]A sz\u00e1lloda k\u00f6zel\u00e9ben (100 m\u00e9terre) tal\u00e1lhat\u00f3 a 30 percenk\u00e9nt k\u00f6zleked\u0151 busz Punta Sabbioni fel\u00e9.<br \/>\nInnen haj\u00f3val lehet eljutni Velenc\u00e9be. A legjobb \u00e9s legpazarabb m\u00f3dja annak, hogy megl\u00e1togassa ezt az egyed\u00fcl\u00e1ll\u00f3 v\u00e1rost a vil\u00e1gon.[\/vc_column_text][\/vc_column][\/vc_row]<\/p>\n","protected":false},"excerpt":{"rendered":"<p>[vc_row css=&#8221;.vc_custom_1633956299380{margin-top: 30px !important;}&#8221;][vc_column width=&#8221;1\/2&#8243; css=&#8221;.vc_custom_1467214267244{padding-top: 10px !important;padding-bottom: 10px !important;}&#8221;][vc_column_text]Tov\u00e1bbi \u00e9rdekes aj\u00e1nlatok \u00e9s aj\u00e1nlatok kihaszn\u00e1l\u00e1s\u00e1hoz ne habozzon kapcsolatba l\u00e9pni vel\u00fcnk k\u00f6zvetlen\u00fcl az al\u00e1bbi \u0171rlap seg\u00edts\u00e9g\u00e9vel, mi mindenk\u00e9pp lefoglaljuk \u00d6nnek a legkedvez\u0151bb \u00e1rat.[\/vc_column_text][\/vc_column][vc_column width=&#8221;1\/2&#8243; css=&#8221;.vc_custom_1467214272039{padding-top: 10px !important;padding-bottom: 10px !important;}&#8221;][vc_raw_html]JTNDaWZyYW1lJTIwc3JjJTNEJTIyaHR0cHMlM0ElMkYlMkZ3d3cuZ29vZ2xlLmNvbSUyRm1hcHMlMkZlbWJlZCUzRnBiJTNEJTIxMW0xOCUyMTFtMTIlMjExbTMlMjExZDI3OTYuMjc0MTQxNzkxOTY1NiUyMTJkMTIuNjM5MjgwODE1MzI2MDg5JTIxM2Q0NS41MDQ1NTk3NzkxMDE0NTYlMjEybTMlMjExZjAlMjEyZjAlMjEzZjAlMjEzbTIlMjExaTEwMjQlMjEyaTc2OCUyMTRmMTMuMSUyMTNtMyUyMTFtMiUyMTFzMHg0NzdjMDA5ZTY1MmJiM2I1JTI1M0EweDUwMjI0MTA3MGIwMjk5NTUlMjEyc1ZpYSUyNTIwQmFmaWxlJTI1MkMlMjUyMDExMyUyNTJDJTI1MjAzMDAxNiUyNTIwSmVzb2xvJTI1MjBWRSUyMTVlMCUyMTNtMiUyMTFzaXQlMjEyc2l0JTIxNHYxNjM1ODUwNTIyNDUwJTIxNW0yJTIxMXNpdCUyMTJzaXQlMjIlMjB3aWR0aCUzRCUyMjEwMCUyNSUyMiUyMGhlaWdodCUzRCUyMjMwMCUyMiUyMHN0eWxlJTNEJTIyYm9yZGVyJTNBMCUzQiUyMiUyMGFsbG93ZnVsbHNjcmVlbiUzRCUyMiUyMiUyMGxvYWRpbmclM0QlMjJsYXp5JTIyJTNFJTNDJTJGaWZyYW1lJTNF[\/vc_raw_html][vc_row_inner][vc_column_inner][\/vc_column_inner][\/vc_row_inner][\/vc_column][\/vc_row][vc_row][vc_column][vc_column_text]A Marco Polo Hotel Lido di Jesol\u00f3ban tal\u00e1lhat\u00f3, a v\u00e1ros nappali \u00e9s \u00e9jszakai \u00e9let\u00e9nek k\u00f6zpontj\u00e1ban. Napk\u00f6zben a tengert\u0151l [&hellip;]<\/p>\n","protected":false},"author":2,"featured_media":0,"parent":0,"menu_order":0,"comment_status":"closed","ping_status":"closed","template":"","meta":{"footnotes":""},"class_list":["post-5431","page","type-page","status-publish","hentry"],"yoast_head":"<!-- This site is optimized with the Yoast SEO plugin v21.5 - https:\/\/yoast.com\/wordpress\/plugins\/seo\/ -->\n<title>Inform\u00e1ci\u00f3k\u00e9rt forduljon a Hotel Marco Polo sz\u00e1llod\u00e1hoz<\/title>\n<meta name=\"description\" content=\"Az oldal kapcsolatos inform\u00e1ci\u00f3k k\u00e9r\u00e9s\u00e9re \u2013 lefoglar\u00e0sra szolg\u00e1l, a Marco Polo sz\u00e0lod\u00e0ra Jesolo Lido-ban\" \/>\n<meta name=\"robots\" content=\"index, follow, max-snippet:-1, max-image-preview:large, max-video-preview:-1\" \/>\n<link rel=\"canonical\" href=\"https:\/\/www.hotelmarcopolo.it\/hu\/kapcsolatok\/\" \/>\n<meta property=\"og:locale\" content=\"hu_HU\" \/>\n<meta property=\"og:type\" content=\"article\" \/>\n<meta property=\"og:title\" content=\"Inform\u00e1ci\u00f3k\u00e9rt forduljon a Hotel Marco Polo sz\u00e1llod\u00e1hoz\" \/>\n<meta property=\"og:description\" content=\"Az oldal kapcsolatos inform\u00e1ci\u00f3k k\u00e9r\u00e9s\u00e9re \u2013 lefoglar\u00e0sra szolg\u00e1l, a Marco Polo sz\u00e0lod\u00e0ra Jesolo Lido-ban\" \/>\n<meta property=\"og:url\" content=\"https:\/\/www.hotelmarcopolo.it\/hu\/kapcsolatok\/\" \/>\n<meta property=\"og:site_name\" content=\"Hotel Marco Polo\" \/>\n<meta property=\"article:modified_time\" content=\"2022-03-21T16:57:04+00:00\" \/>\n<meta name=\"twitter:card\" content=\"summary_large_image\" \/>\n<meta name=\"twitter:label1\" content=\"Becs\u00fclt olvas\u00e1si id\u0151\" \/>\n\t<meta name=\"twitter:data1\" content=\"5 perc\" \/>\n<script type=\"application\/ld+json\" class=\"yoast-schema-graph\">{\"@context\":\"https:\/\/schema.org\",\"@graph\":[{\"@type\":\"WebPage\",\"@id\":\"https:\/\/www.hotelmarcopolo.it\/hu\/kapcsolatok\/\",\"url\":\"https:\/\/www.hotelmarcopolo.it\/hu\/kapcsolatok\/\",\"name\":\"Inform\u00e1ci\u00f3k\u00e9rt forduljon a Hotel Marco Polo sz\u00e1llod\u00e1hoz\",\"isPartOf\":{\"@id\":\"https:\/\/www.hotelmarcopolo.it\/hu\/#website\"},\"datePublished\":\"2021-05-28T13:05:58+00:00\",\"dateModified\":\"2022-03-21T16:57:04+00:00\",\"description\":\"Az oldal kapcsolatos inform\u00e1ci\u00f3k k\u00e9r\u00e9s\u00e9re \u2013 lefoglar\u00e0sra szolg\u00e1l, a Marco Polo sz\u00e0lod\u00e0ra Jesolo Lido-ban\",\"breadcrumb\":{\"@id\":\"https:\/\/www.hotelmarcopolo.it\/hu\/kapcsolatok\/#breadcrumb\"},\"inLanguage\":\"hu\",\"potentialAction\":[{\"@type\":\"ReadAction\",\"target\":[\"https:\/\/www.hotelmarcopolo.it\/hu\/kapcsolatok\/\"]}]},{\"@type\":\"BreadcrumbList\",\"@id\":\"https:\/\/www.hotelmarcopolo.it\/hu\/kapcsolatok\/#breadcrumb\",\"itemListElement\":[{\"@type\":\"ListItem\",\"position\":1,\"name\":\"Home\",\"item\":\"https:\/\/www.hotelmarcopolo.it\/hu\/\"},{\"@type\":\"ListItem\",\"position\":2,\"name\":\"Kapcsolatok\"}]},{\"@type\":\"WebSite\",\"@id\":\"https:\/\/www.hotelmarcopolo.it\/hu\/#website\",\"url\":\"https:\/\/www.hotelmarcopolo.it\/hu\/\",\"name\":\"Hotel Marco Polo\",\"description\":\"Un nuovo sito targato WordPress\",\"potentialAction\":[{\"@type\":\"SearchAction\",\"target\":{\"@type\":\"EntryPoint\",\"urlTemplate\":\"https:\/\/www.hotelmarcopolo.it\/hu\/?s={search_term_string}\"},\"query-input\":\"required name=search_term_string\"}],\"inLanguage\":\"hu\"}]}<\/script>\n<!-- \/ Yoast SEO plugin. -->","yoast_head_json":{"title":"Inform\u00e1ci\u00f3k\u00e9rt forduljon a Hotel Marco Polo sz\u00e1llod\u00e1hoz","description":"Az oldal kapcsolatos inform\u00e1ci\u00f3k k\u00e9r\u00e9s\u00e9re \u2013 lefoglar\u00e0sra szolg\u00e1l, a Marco Polo sz\u00e0lod\u00e0ra Jesolo Lido-ban","robots":{"index":"index","follow":"follow","max-snippet":"max-snippet:-1","max-image-preview":"max-image-preview:large","max-video-preview":"max-video-preview:-1"},"canonical":"https:\/\/www.hotelmarcopolo.it\/hu\/kapcsolatok\/","og_locale":"hu_HU","og_type":"article","og_title":"Inform\u00e1ci\u00f3k\u00e9rt forduljon a Hotel Marco Polo sz\u00e1llod\u00e1hoz","og_description":"Az oldal kapcsolatos inform\u00e1ci\u00f3k k\u00e9r\u00e9s\u00e9re \u2013 lefoglar\u00e0sra szolg\u00e1l, a Marco Polo sz\u00e0lod\u00e0ra Jesolo Lido-ban","og_url":"https:\/\/www.hotelmarcopolo.it\/hu\/kapcsolatok\/","og_site_name":"Hotel Marco Polo","article_modified_time":"2022-03-21T16:57:04+00:00","twitter_card":"summary_large_image","twitter_misc":{"Becs\u00fclt olvas\u00e1si id\u0151":"5 perc"},"schema":{"@context":"https:\/\/schema.org","@graph":[{"@type":"WebPage","@id":"https:\/\/www.hotelmarcopolo.it\/hu\/kapcsolatok\/","url":"https:\/\/www.hotelmarcopolo.it\/hu\/kapcsolatok\/","name":"Inform\u00e1ci\u00f3k\u00e9rt forduljon a Hotel Marco Polo sz\u00e1llod\u00e1hoz","isPartOf":{"@id":"https:\/\/www.hotelmarcopolo.it\/hu\/#website"},"datePublished":"2021-05-28T13:05:58+00:00","dateModified":"2022-03-21T16:57:04+00:00","description":"Az oldal kapcsolatos inform\u00e1ci\u00f3k k\u00e9r\u00e9s\u00e9re \u2013 lefoglar\u00e0sra szolg\u00e1l, a Marco Polo sz\u00e0lod\u00e0ra Jesolo Lido-ban","breadcrumb":{"@id":"https:\/\/www.hotelmarcopolo.it\/hu\/kapcsolatok\/#breadcrumb"},"inLanguage":"hu","potentialAction":[{"@type":"ReadAction","target":["https:\/\/www.hotelmarcopolo.it\/hu\/kapcsolatok\/"]}]},{"@type":"BreadcrumbList","@id":"https:\/\/www.hotelmarcopolo.it\/hu\/kapcsolatok\/#breadcrumb","itemListElement":[{"@type":"ListItem","position":1,"name":"Home","item":"https:\/\/www.hotelmarcopolo.it\/hu\/"},{"@type":"ListItem","position":2,"name":"Kapcsolatok"}]},{"@type":"WebSite","@id":"https:\/\/www.hotelmarcopolo.it\/hu\/#website","url":"https:\/\/www.hotelmarcopolo.it\/hu\/","name":"Hotel Marco Polo","description":"Un nuovo sito targato WordPress","potentialAction":[{"@type":"SearchAction","target":{"@type":"EntryPoint","urlTemplate":"https:\/\/www.hotelmarcopolo.it\/hu\/?s={search_term_string}"},"query-input":"required name=search_term_string"}],"inLanguage":"hu"}]}},"_links":{"self":[{"href":"https:\/\/www.hotelmarcopolo.it\/hu\/wp-json\/wp\/v2\/pages\/5431","targetHints":{"allow":["GET"]}}],"collection":[{"href":"https:\/\/www.hotelmarcopolo.it\/hu\/wp-json\/wp\/v2\/pages"}],"about":[{"href":"https:\/\/www.hotelmarcopolo.it\/hu\/wp-json\/wp\/v2\/types\/page"}],"author":[{"embeddable":true,"href":"https:\/\/www.hotelmarcopolo.it\/hu\/wp-json\/wp\/v2\/users\/2"}],"replies":[{"embeddable":true,"href":"https:\/\/www.hotelmarcopolo.it\/hu\/wp-json\/wp\/v2\/comments?post=5431"}],"version-history":[{"count":0,"href":"https:\/\/www.hotelmarcopolo.it\/hu\/wp-json\/wp\/v2\/pages\/5431\/revisions"}],"wp:attachment":[{"href":"https:\/\/www.hotelmarcopolo.it\/hu\/wp-json\/wp\/v2\/media?parent=5431"}],"curies":[{"name":"wp","href":"https:\/\/api.w.org\/{rel}","templated":true}]}}